{"id":1071,"date":"2017-02-17T13:01:30","date_gmt":"2017-02-17T12:01:30","guid":{"rendered":"http:\/\/ampelosetdeviris.com\/?page_id=1071"},"modified":"2017-02-22T18:17:26","modified_gmt":"2017-02-22T17:17:26","slug":"philippe-vasseur-2","status":"publish","type":"page","link":"https:\/\/ampelosetdeviris.com\/index.php\/les-invites\/philippe-vasseur-2\/","title":{"rendered":"Philippe VASSEUR"},"content":{"rendered":"[vc_row][vc_column][vc_single_image image=\u00a0\u00bb250&Prime; img_size=\u00a0\u00bbfull\u00a0\u00bb css_animation=\u00a0\u00bbfadeInUp\u00a0\u00bb][vc_column_text]\n<h4 style=\"text-align: justify;\"><span style=\"color: #a01259;\">Pr\u00e9sident de l\u2019Ecole Sup\u00e9rieure de Journalisme de Lille et du Comit\u00e9 Grand Lille.<\/span><\/h4>\n<h5 style=\"text-align: justify;\">Ancien ministre de l\u2019Agriculture, de la P\u00eache et de l\u2019Alimentation, il a d&rsquo;abord exerc\u00e9 pendant vingt ans le m\u00e9tier de journaliste, ancien \u00e9l\u00e8ve de l&rsquo;\u00c9cole sup\u00e9rieure de journalisme de Lille, sp\u00e9cialiste de l&rsquo;\u00e9conomie notamment \u00e0 TF1, aux Echos et au Figaro, avant de se tourner vers la politique.<\/h5>\n<h5 style=\"text-align: justify;\">En 2000, il a renonc\u00e9 \u00e0 tous ses mandats, pour occuper un emploi de dirigeant d&rsquo;entreprise comme pr\u00e9sident du conseil de surveillance de Cr\u00e9dit Mutuel Nord Europe. Il est actuellement pr\u00e9sident du R\u00e9seau Alliances, association dont l&rsquo;objectif est d&rsquo;accompagner les entreprises pour qu&rsquo;elles am\u00e9liorent leurs performances dans le domaine de la responsabilit\u00e9 sociale et environnementale. \u00c0 ce titre, il est pr\u00e9sident du Forum mondial de l\u2019\u00e9conomie responsable (World Forum Lille) pour une \u00e9conomie responsable, qu&rsquo;il a lui-m\u00eame initi\u00e9 en 2007.<\/h5>\n<h5 style=\"text-align: justify;\">Ce cycle d\u2019\u00e9v\u00e9nements internationaux a pour objectif de faire conna\u00eetre les \u00ab\u00a0 bonnes pratiques\u00a0 \u00bb d\u2019entreprises (PME ou grands groupes) qui exercent de mani\u00e8re responsable leur activit\u00e9. Depuis 2008, il a succ\u00e9d\u00e9 \u00e0 Herv\u00e9 Bourges \u00e0 la pr\u00e9sidence de l&rsquo;ESJ (\u00c9cole sup\u00e9rieure de journalisme de Lille), dont il est issu.<\/h5>\n<h5 style=\"text-align: justify;\">Il est \u00e9galement membre du conseil d&rsquo;administration de l&rsquo;EDHEC et de Sciences Po Lille et Pr\u00e9sident du Comit\u00e9 Grand Lille. Il est Pr\u00e9sident de la Section Economique et Financi\u00e8re du Haut Conseil de la Coop\u00e9ration Agricole et administrateurs de plusieurs soci\u00e9t\u00e9s.<\/h5>\n[\/vc_column_text][vc_separator el_width=\u00a0\u00bb90&Prime;][\/vc_column][\/vc_row]\n","protected":false},"excerpt":{"rendered":"<p>[vc_row][vc_column][vc_single_image image=\u00a0\u00bb250&Prime; img_size=\u00a0\u00bbfull\u00a0\u00bb css_animation=\u00a0\u00bbfadeInUp\u00a0\u00bb][vc_column_text] Pr\u00e9sident de l\u2019Ecole Sup\u00e9rieure de Journalisme de Lille et du Comit\u00e9 Grand Lille. Ancien&#8230; <a class=\"excerpt-read-more\" href=\"https:\/\/ampelosetdeviris.com\/index.php\/les-invites\/philippe-vasseur-2\/\"><span>Continue Reading<\/span><\/a><\/p>\n","protected":false},"author":1,"featured_media":250,"parent":355,"menu_order":0,"comment_status":"closed","ping_status":"closed","template":"","meta":{"footnotes":""},"class_list":["post-1071","page","type-page","status-publish","has-post-thumbnail","hentry"],"_links":{"self":[{"href":"https:\/\/ampelosetdeviris.com\/index.php\/wp-json\/wp\/v2\/pages\/1071","targetHints":{"allow":["GET"]}}],"collection":[{"href":"https:\/\/ampelosetdeviris.com\/index.php\/wp-json\/wp\/v2\/pages"}],"about":[{"href":"https:\/\/ampelosetdeviris.com\/index.php\/wp-json\/wp\/v2\/types\/page"}],"author":[{"embeddable":true,"href":"https:\/\/ampelosetdeviris.com\/index.php\/wp-json\/wp\/v2\/users\/1"}],"replies":[{"embeddable":true,"href":"https:\/\/ampelosetdeviris.com\/index.php\/wp-json\/wp\/v2\/comments?post=1071"}],"version-history":[{"count":3,"href":"https:\/\/ampelosetdeviris.com\/index.php\/wp-json\/wp\/v2\/pages\/1071\/revisions"}],"predecessor-version":[{"id":1350,"href":"https:\/\/ampelosetdeviris.com\/index.php\/wp-json\/wp\/v2\/pages\/1071\/revisions\/1350"}],"up":[{"embeddable":true,"href":"https:\/\/ampelosetdeviris.com\/index.php\/wp-json\/wp\/v2\/pages\/355"}],"wp:featuredmedia":[{"embeddable":true,"href":"https:\/\/ampelosetdeviris.com\/index.php\/wp-json\/wp\/v2\/media\/250"}],"wp:attachment":[{"href":"https:\/\/ampelosetdeviris.com\/index.php\/wp-json\/wp\/v2\/media?parent=1071"}],"curies":[{"name":"wp","href":"https:\/\/api.w.org\/{rel}","templated":true}]}}