{"id":1097,"date":"2017-02-17T13:30:53","date_gmt":"2017-02-17T12:30:53","guid":{"rendered":"http:\/\/ampelosetdeviris.com\/?page_id=1097"},"modified":"2025-05-13T14:54:50","modified_gmt":"2025-05-13T12:54:50","slug":"eric-heyer","status":"publish","type":"page","link":"https:\/\/ampelosetdeviris.com\/index.php\/les-invites\/eric-heyer\/","title":{"rendered":"Eric HEYER"},"content":{"rendered":"[vc_row][vc_column][vc_single_image image=\u00a0\u00bb1816&Prime; img_size=\u00a0\u00bbfull\u00a0\u00bb css_animation=\u00a0\u00bbfadeInUp\u00a0\u00bb][vc_column_text]\n<h4><span style=\"color: #a01259;\">Directeur adjoint de l\u2019OFCE (Observatoire Fran\u00e7ais des Conjonctures Economiques).<\/span><\/h4>\n<h5 style=\"text-align: justify;\">\u00c9ric Heyer est\u00a0un \u00e9conomiste\u00a0connu du grand public pour ses nombreuses interventions dans diverses \u00e9missions t\u00e9l\u00e9vis\u00e9es o\u00f9 il explique\u00a0les diff\u00e9rents aspects de la vie \u00e9conomique. \u00c9conomiste de formation, \u00c9ric Heyer devient, en 2002, directeur adjoint du D\u00e9partement analyse et pr\u00e9vision de l&rsquo;OFCE (Observatoire fran\u00e7ais des conjonctures \u00e9conomiques).<\/h5>\n<h5 style=\"text-align: justify;\">Il publie une s\u00e9rie d&rsquo;ouvrages traitant notamment de la crise \u00e9conomique, de l&rsquo;aust\u00e9rit\u00e9 ou des retraites tout en participant \u00e0 la r\u00e9daction de diff\u00e9rents articles avec d&rsquo;autres \u00e9conomistes. Collaborateur \u00e0 Sciences Po Paris, \u00c9ric Heyer est \u00e9galement professeur \u00e0 l\u2019Universit\u00e9 d\u2019Aix-Marseille et \u00e0 la Skema Business School.<\/h5>\n[\/vc_column_text][vc_separator el_width=\u00a0\u00bb90&Prime;][\/vc_column][\/vc_row]\n","protected":false},"excerpt":{"rendered":"<p>[vc_row][vc_column][vc_single_image image=\u00a0\u00bb1816&Prime; img_size=\u00a0\u00bbfull\u00a0\u00bb css_animation=\u00a0\u00bbfadeInUp\u00a0\u00bb][vc_column_text] Directeur adjoint de l\u2019OFCE (Observatoire Fran\u00e7ais des Conjonctures Economiques). \u00c9ric Heyer est\u00a0un \u00e9conomiste\u00a0connu du&#8230; <a class=\"excerpt-read-more\" href=\"https:\/\/ampelosetdeviris.com\/index.php\/les-invites\/eric-heyer\/\"><span>Continue Reading<\/span><\/a><\/p>\n","protected":false},"author":1,"featured_media":1816,"parent":355,"menu_order":0,"comment_status":"closed","ping_status":"closed","template":"","meta":{"footnotes":""},"class_list":["post-1097","page","type-page","status-publish","has-post-thumbnail","hentry"],"_links":{"self":[{"href":"https:\/\/ampelosetdeviris.com\/index.php\/wp-json\/wp\/v2\/pages\/1097","targetHints":{"allow":["GET"]}}],"collection":[{"href":"https:\/\/ampelosetdeviris.com\/index.php\/wp-json\/wp\/v2\/pages"}],"about":[{"href":"https:\/\/ampelosetdeviris.com\/index.php\/wp-json\/wp\/v2\/types\/page"}],"author":[{"embeddable":true,"href":"https:\/\/ampelosetdeviris.com\/index.php\/wp-json\/wp\/v2\/users\/1"}],"replies":[{"embeddable":true,"href":"https:\/\/ampelosetdeviris.com\/index.php\/wp-json\/wp\/v2\/comments?post=1097"}],"version-history":[{"count":5,"href":"https:\/\/ampelosetdeviris.com\/index.php\/wp-json\/wp\/v2\/pages\/1097\/revisions"}],"predecessor-version":[{"id":1827,"href":"https:\/\/ampelosetdeviris.com\/index.php\/wp-json\/wp\/v2\/pages\/1097\/revisions\/1827"}],"up":[{"embeddable":true,"href":"https:\/\/ampelosetdeviris.com\/index.php\/wp-json\/wp\/v2\/pages\/355"}],"wp:featuredmedia":[{"embeddable":true,"href":"https:\/\/ampelosetdeviris.com\/index.php\/wp-json\/wp\/v2\/media\/1816"}],"wp:attachment":[{"href":"https:\/\/ampelosetdeviris.com\/index.php\/wp-json\/wp\/v2\/media?parent=1097"}],"curies":[{"name":"wp","href":"https:\/\/api.w.org\/{rel}","templated":true}]}}