{"id":1116,"date":"2014-02-20T14:38:57","date_gmt":"2014-02-20T13:38:57","guid":{"rendered":"http:\/\/ampelosetdeviris.com\/?page_id=1116"},"modified":"2025-04-30T14:13:37","modified_gmt":"2025-04-30T12:13:37","slug":"pierre-danon-2","status":"publish","type":"page","link":"https:\/\/ampelosetdeviris.com\/index.php\/les-invites\/pierre-danon-2\/","title":{"rendered":"Pierre DANON"},"content":{"rendered":"[vc_row][vc_column][vc_single_image image=\u00a0\u00bb1816&Prime; img_size=\u00a0\u00bbfull\u00a0\u00bb css_animation=\u00a0\u00bbfadeInUp\u00a0\u00bb][vc_column_text]\n<h4 style=\"text-align: justify;\"><span style=\"color: #a01259;\">Ancien PDG de Numericable, Directeur adjoint de la campagne 2017 de Fran\u00e7ois Fillon.<\/span><\/h4>\n<h5 style=\"text-align: justify;\">Pierre Danon a travaill\u00e9 20 ans chez\u00a0Xerox, dans les diff\u00e9rents domaines de la finance, des ventes, du marketing, des services clients et de la recherche et d\u00e9veloppement.<\/h5>\n<h5 style=\"text-align: justify;\">Sa carri\u00e8re, qui commence en\u00a0France, se poursuit dans diff\u00e9rents pays europ\u00e9ens et aux\u00a0\u00c9tats-Unis.\u00a0En 1998, Pierre Danon devient Pr\u00e9sident de Xerox Europe,\u00a0avec un chiffre d\u2019affaires de 6 milliards d&rsquo;euros et pr\u00e8s de\u00a020\u00a0000\u00a0salari\u00e9s. Il est \u00e9galement membre du comit\u00e9 strat\u00e9gique mondial de la compagnie et m\u00e8ne en Europe sa transformation en entreprise de services et de solutions.<\/h5>\n<h5 style=\"text-align: justify;\">En septembre 2000, Pierre Danon est nomm\u00e9\u00a0CEO\u00a0de\u00a0British Telecom\u00a0Retail Pierre Danon est par ailleurs membre du Conseil d\u2019administration de British Telecom.\u2028En mars 2005, il est nomm\u00e9\u00a0COO\u00a0du groupe\u00a0Capgemini, un des leaders mondiaux du conseil en management et des services informatiques qui emploie pr\u00e8s de 50\u00a0000\u00a0personnes dans plus de 30 pays pour un chiffre d\u2019affaires global, en 2004, de 6.3 milliards d&rsquo;euros.<\/h5>\n<h5 style=\"text-align: justify;\">Pierre Danon a redress\u00e9 avec succ\u00e8s les activit\u00e9s de Capgemini aux \u00c9tats-Unis et a stimul\u00e9 la strat\u00e9gie globale de production de la compagnie, notamment en Inde.<\/h5>\n<h5 style=\"text-align: justify;\"><strong>Th\u00e8me : Quelles r\u00e9formes pour une France terre d\u2019innovation et d&rsquo;entreprenariat ?<\/strong><\/h5>\n[\/vc_column_text][vc_separator el_width=\u00a0\u00bb90&Prime;][\/vc_column][\/vc_row]\n","protected":false},"excerpt":{"rendered":"<p>[vc_row][vc_column][vc_single_image image=\u00a0\u00bb1816&Prime; img_size=\u00a0\u00bbfull\u00a0\u00bb css_animation=\u00a0\u00bbfadeInUp\u00a0\u00bb][vc_column_text] Ancien PDG de Numericable, Directeur adjoint de la campagne 2017 de Fran\u00e7ois Fillon. Pierre&#8230; <a class=\"excerpt-read-more\" href=\"https:\/\/ampelosetdeviris.com\/index.php\/les-invites\/pierre-danon-2\/\"><span>Continue Reading<\/span><\/a><\/p>\n","protected":false},"author":1,"featured_media":1816,"parent":355,"menu_order":0,"comment_status":"closed","ping_status":"closed","template":"","meta":{"footnotes":""},"class_list":["post-1116","page","type-page","status-publish","has-post-thumbnail","hentry"],"_links":{"self":[{"href":"https:\/\/ampelosetdeviris.com\/index.php\/wp-json\/wp\/v2\/pages\/1116","targetHints":{"allow":["GET"]}}],"collection":[{"href":"https:\/\/ampelosetdeviris.com\/index.php\/wp-json\/wp\/v2\/pages"}],"about":[{"href":"https:\/\/ampelosetdeviris.com\/index.php\/wp-json\/wp\/v2\/types\/page"}],"author":[{"embeddable":true,"href":"https:\/\/ampelosetdeviris.com\/index.php\/wp-json\/wp\/v2\/users\/1"}],"replies":[{"embeddable":true,"href":"https:\/\/ampelosetdeviris.com\/index.php\/wp-json\/wp\/v2\/comments?post=1116"}],"version-history":[{"count":8,"href":"https:\/\/ampelosetdeviris.com\/index.php\/wp-json\/wp\/v2\/pages\/1116\/revisions"}],"predecessor-version":[{"id":1819,"href":"https:\/\/ampelosetdeviris.com\/index.php\/wp-json\/wp\/v2\/pages\/1116\/revisions\/1819"}],"up":[{"embeddable":true,"href":"https:\/\/ampelosetdeviris.com\/index.php\/wp-json\/wp\/v2\/pages\/355"}],"wp:featuredmedia":[{"embeddable":true,"href":"https:\/\/ampelosetdeviris.com\/index.php\/wp-json\/wp\/v2\/media\/1816"}],"wp:attachment":[{"href":"https:\/\/ampelosetdeviris.com\/index.php\/wp-json\/wp\/v2\/media?parent=1116"}],"curies":[{"name":"wp","href":"https:\/\/api.w.org\/{rel}","templated":true}]}}