{"id":427,"date":"2017-02-03T16:48:46","date_gmt":"2017-02-03T15:48:46","guid":{"rendered":"http:\/\/ampelosetdeviris.com\/?page_id=427"},"modified":"2017-02-22T17:09:09","modified_gmt":"2017-02-22T16:09:09","slug":"actualites","status":"publish","type":"page","link":"https:\/\/ampelosetdeviris.com\/index.php\/actualites\/","title":{"rendered":"Actualit\u00e9s"},"content":{"rendered":"[vc_row][vc_column][vc_column_text]\n<h1 style=\"text-align: center;\"><span style=\"font-size: 18pt;\">Pour la 8e \u00e9dition du Vend\u00e9e Globe, <span style=\"color: #890042;\">Ampelos &amp; de Viris<\/span> est partenaire du voilier <a href=\"http:\/\/www.faceocean.fr\" target=\"_blank\">FaceOcean <\/a>skipp\u00e9 par <a href=\"http:\/\/www.faceocean.fr\" target=\"_blank\">S\u00e9bastien Destremau<\/a>.<br \/>\n<\/span><\/h1>\n<p>&nbsp;<\/p>\n<p style=\"text-align: center;\"><img loading=\"lazy\" decoding=\"async\" class=\"size-full wp-image-178 aligncenter\" src=\"http:\/\/ampelosetdeviris.com\/wp-content\/uploads\/2016\/09\/actu-2.jpg\" alt=\"actu\" width=\"900\" height=\"545\" srcset=\"https:\/\/ampelosetdeviris.com\/wp-content\/uploads\/2016\/09\/actu-2.jpg 900w, https:\/\/ampelosetdeviris.com\/wp-content\/uploads\/2016\/09\/actu-2-300x182.jpg 300w, https:\/\/ampelosetdeviris.com\/wp-content\/uploads\/2016\/09\/actu-2-768x465.jpg 768w\" sizes=\"auto, (max-width: 900px) 100vw, 900px\" \/> \u00a0 <a href=\"http:\/\/www.faceocean.fr\">faceocean.fr<\/a><\/p>\n<p style=\"text-align: center;\"><a href=\"http:\/\/ampelosetdeviris.com\/index.php\/tour-du-monde\/\"><img loading=\"lazy\" decoding=\"async\" class=\"alignleft size-full wp-image-233\" src=\"http:\/\/ampelosetdeviris.com\/wp-content\/uploads\/2016\/11\/im-AetD.jpg\" alt=\"im-aetd\" width=\"1778\" height=\"518\" srcset=\"https:\/\/ampelosetdeviris.com\/wp-content\/uploads\/2016\/11\/im-AetD.jpg 1778w, https:\/\/ampelosetdeviris.com\/wp-content\/uploads\/2016\/11\/im-AetD-300x87.jpg 300w, https:\/\/ampelosetdeviris.com\/wp-content\/uploads\/2016\/11\/im-AetD-768x224.jpg 768w, https:\/\/ampelosetdeviris.com\/wp-content\/uploads\/2016\/11\/im-AetD-1024x298.jpg 1024w\" sizes=\"auto, (max-width: 1778px) 100vw, 1778px\" \/><\/a><\/p>\n<p>&nbsp;<\/p>\n<h5 style=\"text-align: justify;\"><\/h5>\n<h3 style=\"text-align: justify;\">LES MEMBRES DU CLUB SPONSORS DE FACEOCEAN<\/h3>\n<h5 style=\"text-align: justify;\"><span style=\"color: #890042;\"><em><strong>Cabinet IN &amp; EX Consultin<\/strong><\/em><em><strong>g<img loading=\"lazy\" decoding=\"async\" class=\"size-full wp-image-205 alignright\" src=\"http:\/\/ampelosetdeviris.com\/wp-content\/uploads\/2016\/11\/2.jpg\" alt=\"2\" width=\"304\" height=\"104\" srcset=\"https:\/\/ampelosetdeviris.com\/wp-content\/uploads\/2016\/11\/2.jpg 304w, https:\/\/ampelosetdeviris.com\/wp-content\/uploads\/2016\/11\/2-300x103.jpg 300w\" sizes=\"auto, (max-width: 304px) 100vw, 304px\" \/> <\/strong><\/em><\/span><\/h5>\n<h5 style=\"text-align: justify;\"><em>\u00ab Le projet de S\u00e9bastien nous a \u00e9t\u00e9 pr\u00e9sent\u00e9 et son aventure reprenait le socle sur lequel s\u2019\u00e9tait construit le Club. C\u2019est donc pour cette raison que j\u2019ai propos\u00e9 aux membres de s\u2019associer et de nous greffer \u00e0 cette belle aventure. \u00bb<\/em> Michel-Laurent Guithaux, dirigeant et associ\u00e9 du cabinet IN &amp; EX Consulting<\/h5>\n<h5 style=\"text-align: justify;\"><a href=\"http:\/\/www.inex-consulting.com\">inex-consulting.com<\/a><\/h5>\n<hr \/>\n<h5 style=\"text-align: justify;\"><span style=\"color: #890042;\"><em><b>Cabinet d\u2019Avocats Myl\u00e8ne Carnevali<img loading=\"lazy\" decoding=\"async\" class=\"size-full wp-image-210 alignright\" src=\"http:\/\/ampelosetdeviris.com\/wp-content\/uploads\/2016\/11\/7.jpg\" alt=\"7\" width=\"304\" height=\"104\" srcset=\"https:\/\/ampelosetdeviris.com\/wp-content\/uploads\/2016\/11\/7.jpg 304w, https:\/\/ampelosetdeviris.com\/wp-content\/uploads\/2016\/11\/7-300x103.jpg 300w\" sizes=\"auto, (max-width: 304px) 100vw, 304px\" \/> <\/b><\/em><\/span><\/h5>\n<h5 style=\"text-align: justify;\">Myl\u00e8ne Carnevali est dipl\u00f4m\u00e9e du 3eme cycle de droit de l\u2019\u00e9conomie et de la concurrence de l\u2019Universit\u00e9 de droit de Paris I Panth\u00e9on Sorbonne et du certificat d\u2019aptitude \u00e0 la profession d&rsquo;avocat depuis 1987. Elle enseigne comme assistante \u00e0 L\u2019Universit\u00e9 de Paris I le droit des soci\u00e9t\u00e9s puis comme jury aux \u00e9preuves du Grand oral du dipl\u00f4me d\u2019entr\u00e9e dans la profession d\u2019avocat \u00e0 L\u2019IEJ de Paris I. Myl\u00e8ne Carnevali est entr\u00e9e au service juridique de la soci\u00e9t\u00e9 Lanvin parfums et Lanvin couture en 1987 et \u00e0 poursuivi sa carri\u00e8re comme collaboratrice au sein du cabinet du B\u00e2tonnier Mollet-Vieville en relation avec les Entreprises du luxe et de la distribution s\u00e9lective. Depuis 1995, Myl\u00e8ne Carnevali exerce la profession d\u2019avocat dans son propre cabinet et son domaine de comp\u00e9tences s\u2019est entendu \u00e0 l\u2019accompagnement et la n\u00e9gociation des conditions de d\u00e9part des cadres de haut niveau et des mandataires sociaux des grandes entreprises.<\/h5>\n<hr \/>\n<h5 style=\"text-align: justify;\"><span style=\"color: #890042;\"><em><b>La Garanderie Associ\u00e9s<img loading=\"lazy\" decoding=\"async\" class=\"size-full wp-image-208 alignright\" src=\"http:\/\/ampelosetdeviris.com\/wp-content\/uploads\/2016\/11\/5.jpg\" alt=\"5\" width=\"304\" height=\"104\" srcset=\"https:\/\/ampelosetdeviris.com\/wp-content\/uploads\/2016\/11\/5.jpg 304w, https:\/\/ampelosetdeviris.com\/wp-content\/uploads\/2016\/11\/5-300x103.jpg 300w\" sizes=\"auto, (max-width: 304px) 100vw, 304px\" \/> <\/b><\/em><\/span><\/h5>\n<h5 style=\"text-align: justify;\">\u00ab <i>L\u2019activit\u00e9 du cabinet La Garanderie est en premier lieu tourn\u00e9e vers le droit social et la RSE, deux mati\u00e8res qui rappellent combien le sens de l\u2019engagement personnel se r\u00e9v\u00e8le dans le cadre collectif. La Garanderie devait d\u00e8s lors soutenir l\u2019aventure de S\u00e9bastien, qui est une aventure humaine tourn\u00e9e vers les autres. Accompagner S\u00e9bastien dans son parcours des oc\u00e9ans pendant des semaines et le soutenir dans le partage qu\u2019il propose d\u2019en faire justifie l\u2019entier soutien de La Garanderie<\/i>.\u00a0\u00bb Bertrand Merville, avocat associ\u00e9 au cabinet La Garanderie La Garanderie en quelques mots : Le cabinet d\u2019avocats La Garanderie, c\u2019est l\u2019histoire du choix effectu\u00e9 par une femme avec une id\u00e9e forte, la promotion du capital humain, et d\u2019une \u00e9quipe fid\u00e8le qui s\u2019est progressivement construite autour d\u2019elle. La Garanderie intervient en conseil dans tous les domaines du droit social et de la RSE, en contentieux devant toutes les juridictions susceptibles de statuer en mati\u00e8re sociale (droit du travail, droit p\u00e9nal du travail, pr\u00e9voyance, s\u00e9curit\u00e9 sociale, gouvernance\u2026) L\u2019accompagnement des entreprises men\u00e9 par La Garanderie repose sur 3 cl\u00e9s d\u2019intervention : la r\u00e9activit\u00e9, la qualit\u00e9 et le sur-mesure.<\/h5>\n<h5 style=\"text-align: justify;\"><a href=\"http:\/\/www.lagaranderie.fr\/\">lagaranderie.fr<\/a><\/h5>\n<hr \/>\n<h5 style=\"text-align: justify;\"><em><strong><span style=\"color: #890042;\">Bertothi<img loading=\"lazy\" decoding=\"async\" class=\"size-full wp-image-209 alignright\" src=\"http:\/\/ampelosetdeviris.com\/wp-content\/uploads\/2016\/11\/6.jpg\" alt=\"6\" width=\"304\" height=\"104\" srcset=\"https:\/\/ampelosetdeviris.com\/wp-content\/uploads\/2016\/11\/6.jpg 304w, https:\/\/ampelosetdeviris.com\/wp-content\/uploads\/2016\/11\/6-300x103.jpg 300w\" sizes=\"auto, (max-width: 304px) 100vw, 304px\" \/> <\/span><\/strong><\/em><\/h5>\n<h5 style=\"text-align: justify;\"><em>\u00ab Bertothi et son \u00e9quipe sont tr\u00e8s heureux de soutenir S\u00e9bastien Destremau \u00e0 bord de FaceOcean: &#8211; Parce qu\u2019il est rare d\u2019\u00eatre impliqu\u00e9 au c\u0153ur d\u2019une aventure humaine aussi forte et d\u2019un d\u00e9fi sportif aussi difficile, &#8211; Que cette exp\u00e9rience v\u00e9hicule des valeurs auxquelles nous sommes sensibles : l\u2019audace, la cr\u00e9ativit\u00e9, la pers\u00e9v\u00e9rance, la performance, la flexibilit\u00e9, la r\u00e9activit\u00e9\u2026, &#8211; Que le Vend\u00e9e Globe apporte un souffle d\u2019\u00e9nergie, de motivation et de r\u00eave qui est b\u00e9n\u00e9fique \u00e0 chacun d\u2019entre nous, &#8211; Et parce que l\u2019\u00e9quipe de Bertothi dans ses m\u00e9tiers d\u2019architecture int\u00e9rieure, de travaux et de mobilier n\u2019est peut-\u00eatre pas si loin du team de FaceOcean\u2026 \u00bb <\/em> Depuis 2003, Bertothi est sp\u00e9cialis\u00e9 en am\u00e9nagement d\u2019espaces. Architecture int\u00e9rieure, travaux et mobilier : Bertothi a int\u00e9gr\u00e9 les 3 piliers de l\u2019am\u00e9nagement afin de proposer des solutions globales, sur-mesure, cl\u00e9-en-main ou \u00e0 la carte. Fort de plus 2.000 r\u00e9alisations, l\u2019\u00e9quipe de Bertothi intervient sur des projets exigeants et d\u2019une grande diversit\u00e9 : AMO am\u00e9nagement pour la COP21 &#8211; r\u00e9habilitation de bureaux pour Disney &#8211; conception de bureaux et d\u2019un mini terrain de foot pour la F\u00e9d\u00e9ration Fran\u00e7aise de Foot &#8211; AMO mobilier sur mesure pour le Ch\u00e2teau de Versailles &#8211; r\u00e9novation de bureaux, d\u2019espaces de d\u00e9tente et d\u2019un studio d\u2019enregistrement pour l\u2019AGEFI \u2013 transformation d\u2019un entrep\u00f4t en bureaux pour Servair &#8211; cr\u00e9ation d\u2019un mur v\u00e9g\u00e9tal pour Trilogic\u2026<\/h5>\n<h5 style=\"text-align: justify;\"><a href=\"http:\/\/www.bertothi.fr\/\">bertothi.fr<\/a><\/h5>\n<hr \/>\n<h5 style=\"text-align: justify;\"><span style=\"color: #993366;\"><em><strong>M\u00e9thodem<img loading=\"lazy\" decoding=\"async\" class=\"size-full wp-image-206 alignright\" src=\"http:\/\/ampelosetdeviris.com\/wp-content\/uploads\/2016\/11\/3.jpg\" alt=\"3\" width=\"304\" height=\"104\" srcset=\"https:\/\/ampelosetdeviris.com\/wp-content\/uploads\/2016\/11\/3.jpg 304w, https:\/\/ampelosetdeviris.com\/wp-content\/uploads\/2016\/11\/3-300x103.jpg 300w\" sizes=\"auto, (max-width: 304px) 100vw, 304px\" \/> <\/strong><\/em><\/span><\/h5>\n<h5 style=\"text-align: justify;\"><em>\u00ab\u00a0En d\u00e9couvrant le projet de S\u00e9bastien lors d\u2019une r\u00e9union Club, j\u2019ai vu que cela pourrait \u00eatre un moyen int\u00e9ressant pour challenger et motiver mes \u00e9quipes, leur faire passer un message et les impliquer dans une aventure autour du monde pendant plus de 3 mois. <\/em><em>D\u2019autant que le Vend\u00e9e Globe est \u00e0 la fois un \u00e9v\u00e9nement sportif mais aussi culturel donc avec un certain lien avec ce que fait l\u2019entreprise M\u00e9thodem.\u00a0\u00bb<\/em> Thierry Vilain, dirigeant et fondateur de M\u00e9thodem Cr\u00e9\u00e9e en 1991, M\u00e9thodem se veut comme une entreprise experte dans l\u2019ing\u00e9nierie des chantiers des collections.\u2028Nous faisons en sorte de conserver le Patrimoine Culture pour les g\u00e9n\u00e9rations futures.\u2028\u2028Nous couvrons l&rsquo;ensemble des prestations d&rsquo;accompagnement de transfert, depuis sa pr\u00e9paration jusqu&rsquo;\u00e0 la garantie de sa bonne fin. Sp\u00e9cialistes du conseil en transfert d&rsquo;entreprises, nous assurons le r\u00f4le d&rsquo;assistance \u00e0 maitrise d&rsquo;ouvrage pour votre projet. Notre exp\u00e9rience nous permet d&rsquo;intervenir tr\u00e8s en amont de votre projet, et jusqu&rsquo;\u00e0 la prononciation de la recette finale.\u2028Par exemple, nous sommes intervenus aupr\u00e8s des services de l&rsquo;Etat pour assurer la conception architecturale, la coordination logistique et la supervision des prestations, dans le cadre de l&rsquo;organisation d\u2019\u00e9v\u00e8nements importants. Nous avons d\u00e9j\u00e0 travaill\u00e9 dans le cadre du sommet du G8 ou du G20, le d\u00e9m\u00e9nagement du mus\u00e9e de l\u2019Homme, celui du MuCEM\u2026<\/h5>\n<h5 style=\"text-align: justify;\"><a href=\"http:\/\/www.methodem.com\">methodem.com<\/a><\/h5>\n<hr \/>\n<h5 style=\"text-align: justify;\"><span style=\"color: #993366;\"><em><strong>Les Espoirs du Management<img loading=\"lazy\" decoding=\"async\" class=\"size-full wp-image-204 alignright\" src=\"http:\/\/ampelosetdeviris.com\/wp-content\/uploads\/2016\/11\/1.jpg\" alt=\"1\" width=\"304\" height=\"104\" srcset=\"https:\/\/ampelosetdeviris.com\/wp-content\/uploads\/2016\/11\/1.jpg 304w, https:\/\/ampelosetdeviris.com\/wp-content\/uploads\/2016\/11\/1-300x103.jpg 300w\" sizes=\"auto, (max-width: 304px) 100vw, 304px\" \/> <\/strong><\/em><\/span><\/h5>\n<h5 style=\"text-align: justify;\"><em>\u00ab Concept novateur, \u00e0 la recherche des talents humains, des innovations, de l\u2019originalit\u00e9 \u2026 les Espoirs du Management savent d\u00e9tecter et mettre en lumi\u00e8re ce genre d\u2019initiatives. C\u2019est ce qui nous a s\u00e9duit dans le projet de S\u00e9bastien. Ce c\u00f4t\u00e9 tr\u00e8s humain, cette approche originale, novatrice et surtout \u00e0 notre port\u00e9e via le crowdfunding et la mutualisation des moyens \u00e0 su nous s\u00e9duire et nous convaincre d\u2019adh\u00e9rer \u00e0 cette aventure. Les Espoirs du Management se sont donc reconnu, dans ce projet et n\u2019ont pas h\u00e9sit\u00e9 \u00e0 valoriser cette d\u00e9marche pour que l\u2019espoir devienne r\u00e9alit\u00e9. \u00bb <\/em> Charles Van Haecke, fondateur des espoirs du management Les Espoirs du Management sont d\u00e9cern\u00e9s chaque ann\u00e9e \u00e0 des managers convaincus que des salari\u00e9s reconnus et mis en valeur participent davantage aux performances de l\u2019entreprise. Les initiatives prim\u00e9es dans des entreprises publiques et priv\u00e9es r\u00e9pondent \u00e0 trois crit\u00e8res principaux : &#8211; \u00a0\u00a0 Repr\u00e9senter un b\u00e9n\u00e9fice \u00e9conomique pour l\u2019entreprise &#8211; \u00a0\u00a0 Apporter un b\u00e9n\u00e9fice pour les collaborateurs &#8211; \u00a0\u00a0 Etre \u00ab transposables \u00bb \u00e0 d\u2019autres secteurs<\/h5>\n<h5 style=\"text-align: justify;\"><a href=\"http:\/\/www.lesespoirsdumanagement.com\/les-espoirs-du-management.html\">lesespoirsdumanagement.com<\/a><\/h5>\n<hr \/>\n<h5 style=\"text-align: justify;\"><span style=\"color: #993366;\"><em><strong>Magina<img loading=\"lazy\" decoding=\"async\" class=\"size-full wp-image-207 alignright\" src=\"http:\/\/ampelosetdeviris.com\/wp-content\/uploads\/2016\/11\/4.jpg\" alt=\"4\" width=\"304\" height=\"104\" srcset=\"https:\/\/ampelosetdeviris.com\/wp-content\/uploads\/2016\/11\/4.jpg 304w, https:\/\/ampelosetdeviris.com\/wp-content\/uploads\/2016\/11\/4-300x103.jpg 300w\" sizes=\"auto, (max-width: 304px) 100vw, 304px\" \/> <\/strong><\/em><\/span><\/h5>\n<h5 style=\"text-align: justify;\"><em>\u00ab Communiquer, c\u2019est le maitre mot de Magina et ce dans quoi je travaille depuis plusieurs ann\u00e9es. L\u2019occasion de le faire d\u2019une fa\u00e7on totalement in\u00e9dite via une participation au Vend\u00e9e Globe m\u2019est apparue comme une tr\u00e8s belle opportunit\u00e9 \u00e0 saisir.\u2028 Quelle agence de communication de petite taille peut se targuer d\u2019avoir pu participer \u00e0 un projet aussi important et aussi m\u00e9diatiquement suivi\u00a0? Pas beaucoup.\u2028 Je n\u2019ai donc pas h\u00e9sit\u00e9 quant \u00e0 ma contribution dans ce projet in\u00e9dit.\u00a0\u00bb <\/em> Franck Lasserre, directeur-fondateur de Magina Magina est une agence de marketing interactif \u00e0 360\u00b0. Pourquoi 360\u00b0 car nous estimons que communiquer, c\u2019est essentiel mais communiquer efficacement, c\u2019est indispensable. En ce sens, Magina intervient au c\u0153ur de votre r\u00e9flexion strat\u00e9gique. Nous vous aidons \u00e0 maitriser votre communication sur les r\u00e9seaux sociaux et autres m\u00e9dias, nous vous conseillons sur les actions op\u00e9rationnelles \u00e0 mettre en place sur du court ou du plus long terme. \u2028Nous vous accompagnons dans votre d\u00e9marche de r\u00e9f\u00e9rencement sur internet afin d\u2019\u00eatre vu et reconnu par vos clients potentiels. Multim\u00e9dia, \u00e9ditions, cr\u00e9ations ou encore community management, notre valeur ajout\u00e9e r\u00e9side dans notre flexibilit\u00e9, notre r\u00e9activit\u00e9 et l&rsquo;accompagnement de nos clients.<\/h5>\n<h5 style=\"text-align: justify;\"><a href=\"http:\/\/magina.fr\/\">magina.fr<\/a><\/h5>\n[\/vc_column_text][\/vc_column][\/vc_row]\n","protected":false},"excerpt":{"rendered":"<p>[vc_row][vc_column][vc_column_text] Pour la 8e \u00e9dition du Vend\u00e9e Globe, Ampelos &amp; de Viris est partenaire du voilier FaceOcean skipp\u00e9&#8230; <a class=\"excerpt-read-more\" href=\"https:\/\/ampelosetdeviris.com\/index.php\/actualites\/\"><span>Continue Reading<\/span><\/a><\/p>\n","protected":false},"author":1,"featured_media":0,"parent":0,"menu_order":0,"comment_status":"closed","ping_status":"closed","template":"","meta":{"footnotes":""},"class_list":["post-427","page","type-page","status-publish","hentry"],"_links":{"self":[{"href":"https:\/\/ampelosetdeviris.com\/index.php\/wp-json\/wp\/v2\/pages\/427","targetHints":{"allow":["GET"]}}],"collection":[{"href":"https:\/\/ampelosetdeviris.com\/index.php\/wp-json\/wp\/v2\/pages"}],"about":[{"href":"https:\/\/ampelosetdeviris.com\/index.php\/wp-json\/wp\/v2\/types\/page"}],"author":[{"embeddable":true,"href":"https:\/\/ampelosetdeviris.com\/index.php\/wp-json\/wp\/v2\/users\/1"}],"replies":[{"embeddable":true,"href":"https:\/\/ampelosetdeviris.com\/index.php\/wp-json\/wp\/v2\/comments?post=427"}],"version-history":[{"count":12,"href":"https:\/\/ampelosetdeviris.com\/index.php\/wp-json\/wp\/v2\/pages\/427\/revisions"}],"predecessor-version":[{"id":1320,"href":"https:\/\/ampelosetdeviris.com\/index.php\/wp-json\/wp\/v2\/pages\/427\/revisions\/1320"}],"wp:attachment":[{"href":"https:\/\/ampelosetdeviris.com\/index.php\/wp-json\/wp\/v2\/media?parent=427"}],"curies":[{"name":"wp","href":"https:\/\/api.w.org\/{rel}","templated":true}]}}