{"id":990,"date":"2017-02-23T17:27:42","date_gmt":"2017-02-23T16:27:42","guid":{"rendered":"http:\/\/ampelosetdeviris.com\/?page_id=990"},"modified":"2025-05-13T15:08:02","modified_gmt":"2025-05-13T13:08:02","slug":"axel-rukert","status":"publish","type":"page","link":"https:\/\/ampelosetdeviris.com\/index.php\/les-invites\/axel-rukert\/","title":{"rendered":"Axel R\u00dcCKERT"},"content":{"rendered":"[vc_row][vc_column][vc_single_image image=\u00a0\u00bb1816&Prime; img_size=\u00a0\u00bbfull\u00a0\u00bb css_animation=\u00a0\u00bbfadeInUp\u00a0\u00bb][vc_column_text]\n<h4 style=\"text-align: justify;\"><span style=\"color: #a01259;\">N\u00e9 en 1946, \u00e0 Berlin, Axel R\u00fcckert, a fait ses \u00e9tudes secondaires au lyc\u00e9e fran\u00e7ais de Berlin et y obtient le baccalaur\u00e9at.<\/span><\/h4>\n<h5 style=\"text-align: justify;\">Il poursuit ses \u00e9tudes de Sciences \u00c9conomiques et Politiques \u00e0 l\u2019Universit\u00e9 Libre, ponctu\u00e9es d\u2019activit\u00e9s franco-allemandes diverses : accueil de journalistes fran\u00e7ais, \u00e9changes entre \u00e9tudiants, stage \u00e0 l\u2019ORTF, campagnes \u00e9lectorales aux c\u00f4t\u00e9s d\u2019hommes politiques, Willy Brandt et Pierre Mend\u00e8s-France. ll commence sa carri\u00e8re en tant que chef de produit chez Henkel \u00e0 D\u00fcsseldorf.<\/h5>\n<h5 style=\"text-align: justify;\">Il passe ensuite responsable de la division \u00e9lectronique de Philips. Sa carri\u00e8re professionnelle prend un tournant avec son recrutement, en 1974, au sein du cabinet McKinsey, \u00e0 Paris. En tant que consultant et Directeur Associ\u00e9, il participe \u00e0 de nombreuses \u00e9tudes de strat\u00e9gie et d\u2019organisation d\u2019entreprises tant en France, qu\u2019en Allemagne et dans de nombreux pays \u00e9trangers (Belgique, Pays-Bas, Alg\u00e9rie, Espagne, \u00c9tats- Unis, etc.). En 1983, il fonde son propre cabinet, Management Partenaires, sp\u00e9cialis\u00e9 dans le d\u00e9tachement de dirigeants exp\u00e9riment\u00e9s aupr\u00e8s d\u2019entreprises en difficult\u00e9. Il anime des groupes de gestionnaires intervenant dans plus de 100 entreprises en difficult\u00e9s ou en phase de restructuration. Il est aussi temporairement \u00ab\u00a0patron\u00a0\u00bb de transition de certaines entreprises et groupes.<\/h5>\n<h5 style=\"text-align: justify;\">Ces deux activit\u00e9s vont faire de lui un sp\u00e9cialiste du retournement d\u2019entreprises en difficult\u00e9s. Il fait partie de plusieurs ateliers de r\u00e9flexions politiques et \u00e9conomiques, de start-ups et de conseils d\u2019administration. Il est l\u2019auteur de \u00ab\u00a0L\u2019Allemand qui parie sur la France\u00a0\u00bb, pr\u00e9fac\u00e9 par Hubert V\u00e9drine qui est une v\u00e9ritable bo\u00eete \u00e0 outils \u00e0 l\u2019attention de nos d\u00e9cideurs politiques. Cet essai, orient\u00e9 vers des solutions concr\u00e8tes et efficaces, apporte des id\u00e9es simples, pragmatiques et de bon sens et, surtout, positives et mobilisatrices, en proposant une ligne de conduite et des id\u00e9es nouvelles aux futurs candidats aux \u00e9lections pr\u00e9sidentielles de 2017. Il est pr\u00e9sent ce soir avec nous afin de d\u00e9battre autour du th\u00e8me suivant\u00a0: \u00ab\u00a0Apr\u00e8s le Brexit, perspectives et r\u00e9alit\u00e9s pour quelle Europe\u00a0? \u00bb<\/h5>\n[\/vc_column_text][vc_separator el_width=\u00a0\u00bb90&Prime;][\/vc_column][\/vc_row]\n","protected":false},"excerpt":{"rendered":"<p>[vc_row][vc_column][vc_single_image image=\u00a0\u00bb1816&Prime; img_size=\u00a0\u00bbfull\u00a0\u00bb css_animation=\u00a0\u00bbfadeInUp\u00a0\u00bb][vc_column_text] N\u00e9 en 1946, \u00e0 Berlin, Axel R\u00fcckert, a fait ses \u00e9tudes secondaires au lyc\u00e9e&#8230; <a class=\"excerpt-read-more\" href=\"https:\/\/ampelosetdeviris.com\/index.php\/les-invites\/axel-rukert\/\"><span>Continue Reading<\/span><\/a><\/p>\n","protected":false},"author":1,"featured_media":1816,"parent":355,"menu_order":1,"comment_status":"closed","ping_status":"closed","template":"","meta":{"footnotes":""},"class_list":["post-990","page","type-page","status-publish","has-post-thumbnail","hentry"],"_links":{"self":[{"href":"https:\/\/ampelosetdeviris.com\/index.php\/wp-json\/wp\/v2\/pages\/990","targetHints":{"allow":["GET"]}}],"collection":[{"href":"https:\/\/ampelosetdeviris.com\/index.php\/wp-json\/wp\/v2\/pages"}],"about":[{"href":"https:\/\/ampelosetdeviris.com\/index.php\/wp-json\/wp\/v2\/types\/page"}],"author":[{"embeddable":true,"href":"https:\/\/ampelosetdeviris.com\/index.php\/wp-json\/wp\/v2\/users\/1"}],"replies":[{"embeddable":true,"href":"https:\/\/ampelosetdeviris.com\/index.php\/wp-json\/wp\/v2\/comments?post=990"}],"version-history":[{"count":27,"href":"https:\/\/ampelosetdeviris.com\/index.php\/wp-json\/wp\/v2\/pages\/990\/revisions"}],"predecessor-version":[{"id":1845,"href":"https:\/\/ampelosetdeviris.com\/index.php\/wp-json\/wp\/v2\/pages\/990\/revisions\/1845"}],"up":[{"embeddable":true,"href":"https:\/\/ampelosetdeviris.com\/index.php\/wp-json\/wp\/v2\/pages\/355"}],"wp:featuredmedia":[{"embeddable":true,"href":"https:\/\/ampelosetdeviris.com\/index.php\/wp-json\/wp\/v2\/media\/1816"}],"wp:attachment":[{"href":"https:\/\/ampelosetdeviris.com\/index.php\/wp-json\/wp\/v2\/media?parent=990"}],"curies":[{"name":"wp","href":"https:\/\/api.w.org\/{rel}","templated":true}]}}